{"id":166,"date":"2026-03-06T11:52:53","date_gmt":"2026-03-06T10:52:53","guid":{"rendered":"https:\/\/campingalizes.com\/?page_id=166"},"modified":"2026-03-18T17:07:34","modified_gmt":"2026-03-18T16:07:34","slug":"mentions-legales","status":"publish","type":"page","link":"https:\/\/campingalizes.com\/en\/mentions-legales\/","title":{"rendered":"Legal notice"},"content":{"rendered":"<div class=\"wp-block-stackable-columns alignwide stk-block-columns stk-block stk-2ddc54d\" data-block-id=\"2ddc54d\"><div class=\"stk-row stk-inner-blocks stk-block-content stk-content-align stk-2ddc54d-column alignwide\">\n<div class=\"wp-block-stackable-column stk-block-column stk-column stk-block stk-0cb3947\" data-v=\"4\" data-block-id=\"0cb3947\"><div class=\"stk-column-wrapper stk-block-column__content stk-container stk-0cb3947-container stk--no-background stk--no-padding\"><div class=\"stk-block-content stk-inner-blocks stk-0cb3947-inner-blocks\">\n<div class=\"wp-block-stackable-text stk-block-text stk-block stk-cddb7ff\" data-block-id=\"cddb7ff\"><p class=\"stk-block-text__text\"><strong>Informations g\u00e9n\u00e9rales :<br><\/strong>Le site https:\/\/www.campingalizes.com est \u00e9dit\u00e9 par :<br>SARL ABC Vacances et loisirs immatricul\u00e9e au RCS de La Roche sur Yon sous le num\u00e9ro 528786767<br>Si\u00e8ge social : Avenue de la Par\u00e9e Pr\u00e9neau 85270 Saint Hilaire de Riez<br>Siret : 528 786 767 000 38 APE : 5530Z<br>Responsable de la publication : SARL ABC Vacances et loisirs.<br>T\u00e9l\u00e9phone : 02 28 11 42 90<br>E-mail : contact@campingalizes.com<\/p><\/div>\n<\/div><\/div><\/div>\n\n\n\n<div class=\"wp-block-stackable-column stk-block-column stk-column stk-block stk-fa5e2e9\" data-v=\"4\" data-block-id=\"fa5e2e9\"><div class=\"stk-column-wrapper stk-block-column__content stk-container stk-fa5e2e9-container stk--no-background stk--no-padding\"><div class=\"stk-block-content stk-inner-blocks stk-fa5e2e9-inner-blocks\">\n<div class=\"wp-block-stackable-text stk-block-text stk-block stk-6d92262\" data-block-id=\"6d92262\"><p class=\"stk-block-text__text\"><strong>R\u00e9alisation du site internet<br><\/strong>SEV\/Ouest-Communication \u2013 Vend\u00e9e Camping<br>123 bd Louis Blanc \u2013 LOCO NUMERIQUE Hall 2<br>85000 La Roche sur Yon<br>T\u00e9l : 02 51 20 30 40<br>Email : contact@ouest-communication.com<\/p><\/div>\n\n\n\n<div class=\"wp-block-stackable-text stk-block-text stk-block stk-b38292c\" data-block-id=\"b38292c\"><p class=\"stk-block-text__text\"><strong>H\u00e9bergement<br><\/strong>O2Switch<br>Chem. des Pardiaux, <br>63000 Clermont-Ferrand<\/p><\/div>\n<\/div><\/div><\/div>\n<\/div><\/div>\n\n\n\n<div class=\"wp-block-stackable-text stk-block-text stk-block stk-a977fc5\" data-block-id=\"a977fc5\"><p class=\"stk-block-text__text\">Cr\u00e9dit photo<br>Photos de la Vend\u00e9e Roland OZIEL tous droits r\u00e9serv\u00e9s et utilisation strictement interdite La Vend\u00e9e en photo<br>\u00ab \u00a9 \/ A. Lamoureux \/ Vend\u00e9e Expansion \u2013 tous droits r\u00e9serv\u00e9s \u2013 www.vendee-tourisme.com \/ toute reproduction ou publication interdite \u00bb.<br>Simon Bourcier \/ Vend\u00e9e Expansion<br>Julien Gazeau<br>Stephane GROSSIN<\/p><\/div>\n\n\n\n<div class=\"wp-block-stackable-text stk-block-text stk-block stk-c53478d\" data-block-id=\"c53478d\"><p class=\"stk-block-text__text\">Manifestations touristiques<br>\u00ab Donn\u00e9es issues d\u2019e-SPRIT, le Syst\u00e8me d\u2019Information Touristique R\u00e9gional d\u00e9centralis\u00e9 des Pays de la Loire.<\/p><\/div>\n\n\n\n<div class=\"wp-block-stackable-text stk-block-text stk-block stk-d47873e\" data-block-id=\"d47873e\"><p class=\"stk-block-text__text\">Les Donn\u00e9es sur les f\u00eates et manifestations sont collect\u00e9es par un r\u00e9seau de partenaires dans une base de donn\u00e9es r\u00e9gionale d\u00e9centralis\u00e9e r\u00e9pondant \u00e0 des normes communes d\u2019exigence de qualit\u00e9 dans la collecte, la saisie, la mise en forme, la v\u00e9rification et la diffusion des informations.<\/p><\/div>\n\n\n\n<div class=\"wp-block-stackable-text stk-block-text stk-block stk-0677acb\" data-block-id=\"0677acb\"><p class=\"stk-block-text__text\">Co-financ\u00e9 par la R\u00e9gion et les d\u00e9partements, co-pilot\u00e9 par l\u2019Agence R\u00e9gionale des Pays de la Loire Territoires d\u2019Innovation et Offices de Tourisme de France F\u00e9d\u00e9ration R\u00e9gionale Pays de la Loire, la F\u00e9d\u00e9ration R\u00e9gionale des Offices de Tourisme et les Comit\u00e9s D\u00e9partementaux du Tourisme ou Agences de l\u2019Anjou, Loire-Atlantique, Mayenne, Sarthe, Vend\u00e9e.<br>Les CDT\/Agences sont propri\u00e9taires du dispositif technique permettant la collecte, le traitement et la gestion de l\u2019information, organisent et g\u00e8rent leur r\u00e9seau d\u00e9partemental.<\/p><\/div>\n\n\n\n<div class=\"wp-block-stackable-text stk-block-text stk-block stk-649474b\" data-block-id=\"649474b\"><p class=\"stk-block-text__text\">Retrouvez-nous aussi en ligne :<br>\u2013 www.enpaysdelaloire.com \u2013 R\u00e9gion et Comit\u00e9 R\u00e9gional de Tourisme des Pays de la Loire<br>\u2013 www.anjou-tourisme.com \u2013 Anjou tourisme<br>\u2013 www.ohlaloireatlantique.com \u2013 Loire Atlantique d\u00e9veloppement<br>\u2013 www.mayenne-tourisme.com \u2013 CDT Mayenne<br>\u2013 www.tourisme-en-sarthe.com \u2013 Sarthe D\u00e9veloppement<br>\u2013 www.vendee-tourisme.com \u2013 Vend\u00e9e Expansion \u00bb<\/p><\/div>\n\n\n\n<div class=\"wp-block-stackable-text stk-block-text stk-block stk-b86c397\" data-block-id=\"b86c397\"><p class=\"stk-block-text__text\">Politique de confidentialit\u00e9<br>Le Camping Les Aliz\u00e9s****, SARL ABC Vacances et Loisirs, immatricul\u00e9 sous le n\u00b052878676700038 RCS La Roche sur Yon, attache une grande importance \u00e0 la protection de vos donn\u00e9es personnelles et au respect de votre vie priv\u00e9e, et s\u2019engage, en accord avec le r\u00e8glement g\u00e9n\u00e9ral sur la protection des donn\u00e9es (RGPD) entr\u00e9 en vigueur dans tous les pays de l\u2019union europ\u00e9enne depuis le 25 mai 2018, \u00e0 veiller au respect de ces dispositions.<\/p><\/div>\n\n\n\n<div class=\"wp-block-stackable-text stk-block-text stk-block stk-7453183\" data-block-id=\"7453183\"><p class=\"stk-block-text__text\">La pr\u00e9sente charte de protection des donn\u00e9es personnelles a pour objet de d\u00e9crire comment et quand nous collectons et utilisons certaines donn\u00e9es personnelles que vous nous adressez, pour r\u00e9pondre \u00e0 vos besoins mais aussi pour toujours am\u00e9liorer la qualit\u00e9 de nos services.<\/p><\/div>\n\n\n\n<div class=\"wp-block-stackable-text stk-block-text stk-block stk-dd847b1\" data-block-id=\"dd847b1\"><p class=\"stk-block-text__text\">Cette charte est donc aussi importante pour vous que pour nous, afin de vous apporter une exp\u00e9rience agr\u00e9able et en toute confiance.<\/p><\/div>\n\n\n\n<div class=\"wp-block-stackable-text stk-block-text stk-block stk-3a8fd41\" data-block-id=\"3a8fd41\"><p class=\"stk-block-text__text\">\u00c0 quelles occasions vos donn\u00e9es sont-elles r\u00e9colt\u00e9es ?<br>lorsque vous r\u00e9servez un s\u00e9jour au Camping Les Aliz\u00e9s****;<br>lorsque vous nous contactez.<br>Quelles sont les informations collect\u00e9es ?<br>Vos coordonn\u00e9es (nom, pr\u00e9nom), votre adresse postale, votre adresse courriel, votre num\u00e9ro de t\u00e9l\u00e9phone, votre date de naissance, votre moyen de paiement, num\u00e9ro de carte d\u2019identit\u00e9, plaque d\u2019immatriculation, votre num\u00e9ro d\u2019allocataire caf (pour les b\u00e9n\u00e9ficiaires).<br>Les informations sur vos accompagnants, pour lesquels vous vous engagez \u00e0 obtenir les accords pr\u00e9alables de communication de donn\u00e9es personnelles.<br>Les informations que vous nous transmettez en direct, pour r\u00e9server un s\u00e9jour, pour nous contacter (demande de contact, de prix ou de plaquette), pour communiquer avec notre service client.<br>Les \u00e9changes effectu\u00e9s avec nous par courrier, messages \u00e9lectroniques, appels t\u00e9l\u00e9phoniques ou sur les r\u00e9seaux sociaux, r\u00e9ponses aux questionnaires de satisfaction.<br>Les informations relatives \u00e0 votre utilisation de notre site internet et\/ou application mobile. Les informations concernant vos candidatures sur notre site d\u2019offres d\u2019emploi (CV, lettre de motivation, photo).<br>Les donn\u00e9es collect\u00e9es automatiquement : lors de votre navigation sur le site, nous sommes susceptibles de collecter des donn\u00e9es relatives : aux caract\u00e9ristiques du syst\u00e8me d\u2019exploitation, du navigateur ou des appareils (ordinateur, tablette, smartphone) que vous utilisez pour acc\u00e9der \u00e0 nos services, \u00e0 votre localisation telle que votre adresse IP, \u00e0 votre parcours de navigation et \u00e0 vos interactions avec le contenu du site, tels que les pages visit\u00e9es, les mots-cl\u00e9s de recherche utilis\u00e9s, ou encore la fr\u00e9quence de vos visites sur le site.<br>Vous pouvez choisir de ne pas nous communiquer certaines informations ; toutefois, cette d\u00e9cision risque de vous priver d\u2019une partie des services et fonctionnalit\u00e9s que nous vous proposons. Les informations essentielles \u00e0 la fourniture de nos services et fonctionnalit\u00e9s sont identifi\u00e9es par un ast\u00e9risque sur nos formulaires de collecte et \u00e9nonc\u00e9es par t\u00e9l\u00e9phone ou en r\u00e9ception.<\/p><\/div>\n\n\n\n<div class=\"wp-block-stackable-text stk-block-text stk-block stk-b7b6aca\" data-block-id=\"b7b6aca\"><p class=\"stk-block-text__text\">Comment mes donn\u00e9es sont-elles utilis\u00e9es ?<br>Pour g\u00e9rer et valider une r\u00e9servation : percevoir le paiement, confirmer votre r\u00e9servation et vous envoyer par email ou courrier les informations relatives \u00e0 votre s\u00e9jour.<br>Pour communiquer sur l\u2019actualit\u00e9 du camping et sur nos nouveaut\u00e9s mais aussi pour vous proposer des offres et services personnalis\u00e9s.<br>Pour effectuer des tests techniques dans le but d\u2019optimiser notre site, d\u2019am\u00e9liorer nos outils et services afin de vous offrir une exp\u00e9rience de navigation optimale.<br>Pour r\u00e9pondre \u00e0 vos demandes, attentes et r\u00e9clamations lorsque vous utilisez notre formulaire de contact, en assurer le suivi et am\u00e9liorer le service client\u00e8le.<br>Pour recueillir votre avis suite \u00e0 un s\u00e9jour via notre questionnaire de satisfaction.<br>Pour enregistrer et g\u00e9rer votre participation aux jeux concours propos\u00e9s sur diff\u00e9rents r\u00e9seaux (Facebook\u2026).<br>Pour respecter le droit et r\u00e9pondre aux demandes \u00e9ventuelles des instances de justice, s\u2019assurer du respect des CGV, pr\u00e9venir les autorit\u00e9s en cas d\u2019agissements contraires \u00e0 la loi et de prot\u00e9ger nos droits en cas de pr\u00e9judices ou de dommages.<br>Pour traiter vos r\u00e9clamations : lorsque vous contactez notre standard par t\u00e9l\u00e9phone, via le formulaire de contact disponible sur le site ou via tout autre moyen mis \u00e0 votre disposition (r\u00e9seaux sociaux, etc.), nous utilisons vos donn\u00e9es pour vous r\u00e9pondre et apporter une solution \u00e0 votre r\u00e9clamation, assurer et g\u00e9rer le suivi de votre r\u00e9clamation, am\u00e9liorer le service relation client.<br>Pour s\u2019assurer du respect du droit et des d\u00e9cisions de justice<br>Vos donn\u00e9es peuvent \u00e9galement \u00eatre utilis\u00e9es pour :<\/p><\/div>\n\n\n\n<div class=\"wp-block-stackable-text stk-block-text stk-block stk-b589a8b\" data-block-id=\"b589a8b\"><p class=\"stk-block-text__text\">r\u00e9pondre \u00e0 une demande d\u2019une autorit\u00e9 administrative ou judiciaire, d\u2019un repr\u00e9sentant de la loi, d\u2019un auxiliaire de justice ou nous conformer \u00e0 une d\u00e9cision de justice,<br>s\u2019assurer du respect de nos conditions g\u00e9n\u00e9rales de vente et de la pr\u00e9sente charte,<br>prot\u00e9ger nos droits et\/ou obtenir la r\u00e9paration des dommages que nous pourrions subir ou en limiter les cons\u00e9quences,<br>pr\u00e9venir tout agissement contraire aux lois en vigueur, notamment dans le cadre de la pr\u00e9vention des risques de fraude.<br>Si, au moment de la r\u00e9servation d\u2019un s\u00e9jour ou d\u2019une demande de contact, vous avez indiqu\u00e9 souhaiter recevoir des informations (informations, nouveaut\u00e9s et offres promotionnelles) et des contenus personnalis\u00e9s, alors nous sommes susceptibles d\u2019utiliser vos donn\u00e9es pour communiquer avec vous.<\/p><\/div>\n\n\n\n<div class=\"wp-block-stackable-text stk-block-text stk-block stk-49c268e\" data-block-id=\"49c268e\"><p class=\"stk-block-text__text\">Vous pouvez, \u00e0 tout moment, vous opposer \u00e0 nos communications commerciales en cliquant sur le lien de d\u00e9sinscription ou en suivant la proc\u00e9dure d\u2019opposition indiqu\u00e9e sur ces communications, ou en nous contactant selon les modalit\u00e9s d\u00e9crites \u00e0 l\u2019article 8 ci-apr\u00e8s.<\/p><\/div>\n\n\n\n<div class=\"wp-block-stackable-text stk-block-text stk-block stk-7d1fcb2\" data-block-id=\"7d1fcb2\"><p class=\"stk-block-text__text\">Nous sommes \u00e9galement susceptibles d\u2019utiliser vos donn\u00e9es pour vous adresser des messages publicitaires susceptibles de vous int\u00e9resser sur les sites de tiers ou les plateformes de r\u00e9seaux sociaux. Pour obtenir de plus amples informations \u00e0 ce sujet, nous vous invitons \u00e0 prendre connaissance des conditions relatives \u00e0 l\u2019utilisation de vos donn\u00e9es directement sur ces sites et\/ou plateformes de tiers.<\/p><\/div>\n\n\n\n<div class=\"wp-block-stackable-text stk-block-text stk-block stk-8d32f0f\" data-block-id=\"8d32f0f\"><p class=\"stk-block-text__text\">Les donn\u00e9es de navigation sont notamment collect\u00e9es \u00e0 l\u2019aide de cookies. Pour davantage d\u2019informations concernant ces cookies, reportez-vous \u00e0 l\u2019article 9.<\/p><\/div>\n\n\n\n<div class=\"wp-block-stackable-text stk-block-text stk-block stk-9052ffc\" data-block-id=\"9052ffc\"><p class=\"stk-block-text__text\">Finalit\u00e9 de la collecte de vos donn\u00e9es<br>Les donn\u00e9es collect\u00e9es sont utilis\u00e9es, en fonction de votre navigation sur notre site, pour mener les traitements suivants :<\/p><\/div>\n\n\n\n<div class=\"wp-block-stackable-text stk-block-text stk-block stk-9e50a5b\" data-block-id=\"9e50a5b\"><p class=\"stk-block-text__text\">Gestion du compte client.<br>Gestion du panier.<br>Gestion des op\u00e9rations de paiement.<br>Gestion de la relation client (t\u00e9l\u00e9phone \/ courriel).<br>Gestion de votre s\u00e9jour.<br>Envoi d\u2019offres commerciales cibl\u00e9es par email, sur les r\u00e9seaux sociaux, sur d\u2019autres sites internet ou tout autre support.<br>Gestion de la satisfaction client.<br>\u00c9tablissement de statistiques, d\u2019analyses, de s\u00e9lections.<br>Mesure de fr\u00e9quentation des sites (mobile et ordinateur) et applications mobiles.<br>Mise en place de jeux-concours et publicitaires.<br>Lorsque vous participez \u00e0 un jeu-concours, vous nous fournissez un certain nombre de donn\u00e9es. Elles sont indispensables \u00e0 la prise en compte de votre participation, et le cas \u00e9ch\u00e9ant, \u00e0 la remise du lot.<\/p><\/div>\n\n\n\n<div class=\"wp-block-stackable-text stk-block-text stk-block stk-6078738\" data-block-id=\"6078738\"><p class=\"stk-block-text__text\">Par ailleurs, avec votre consentement pr\u00e9alable, nous sommes susceptibles d\u2019utiliser ces donn\u00e9es pour vous envoyer des informations (informations, nouveaut\u00e9s et offres promotionnelles) et des contenus personnalis\u00e9s.<\/p><\/div>\n\n\n\n<div class=\"wp-block-stackable-text stk-block-text stk-block stk-e8a376c\" data-block-id=\"e8a376c\"><p class=\"stk-block-text__text\">Comment vos donn\u00e9es sont-elles prot\u00e9g\u00e9es ?<br>Les Renseignements personnels que nous collectons sont conserv\u00e9s dans un environnement s\u00e9curis\u00e9. Seuls les employ\u00e9s qui ont besoin d\u2019effectuer un travail sp\u00e9cifique, par exemple la facturation ou le service \u00e0 la client\u00e8le ont acc\u00e8s aux informations personnelles indentifiables.<\/p><\/div>\n\n\n\n<div class=\"wp-block-stackable-text stk-block-text stk-block stk-2778a9f\" data-block-id=\"2778a9f\"><p class=\"stk-block-text__text\">Afin de prot\u00e9ger vos donn\u00e9es, une proc\u00e9dure de s\u00e9curit\u00e9 rigoureuse a \u00e9t\u00e9 mise en place. Les donn\u00e9es utilis\u00e9es sont crypt\u00e9es et prot\u00e9g\u00e9es au moyen du protocole SSL (Secure Socket Layer) afin de les g\u00e9rer, les transf\u00e9rer en toute suret\u00e9 via une connexion s\u00e9curis\u00e9e sur un r\u00e9seau d\u00e9di\u00e9. Vos donn\u00e9es personnelles sont stock\u00e9es en Europe.<\/p><\/div>\n\n\n\n<div class=\"wp-block-stackable-text stk-block-text stk-block stk-4745a02\" data-block-id=\"4745a02\"><p class=\"stk-block-text__text\">Dur\u00e9e de conservation de vos donn\u00e9es<br>Les donn\u00e9es qui nous ont \u00e9t\u00e9 transmises directement telles que d\u00e9taill\u00e9es \u00e0 l\u2019article 2 sont conserv\u00e9es pendant la dur\u00e9e n\u00e9cessaire \u00e0 la finalit\u00e9 de leur traitement.<br>Les donn\u00e9es relatives aux prospects sont conserv\u00e9es pendant une dur\u00e9e maximum de 3 ans \u00e0 compter du dernier contact que vous avez initi\u00e9.<br>Les donn\u00e9es relatives aux pi\u00e8ces d\u2019identit\u00e9 que vous nous transmettez lorsque vous exercez votre droit d\u2019acc\u00e8s ou de rectification sont conserv\u00e9es pendant une dur\u00e9e maximum de 12 mois.<br>Les informations permettant de prendre en compte les droits d\u2019opposition des personnes concern\u00e9es \u00e0 recevoir de la prospection commerciale sont conserv\u00e9es pendant une dur\u00e9e maximum de 3 ans \u00e0 compter de l\u2019exercice de ce droit.<br>Nous pouvons supprimer vos donn\u00e9es sur simple demande de votre part. Toutefois, \u00e0 l\u2019issue des d\u00e9lais pr\u00e9cit\u00e9s, et ce y compris suite \u00e0 votre demande de suppression, vos donn\u00e9es pourront faire l\u2019objet d\u2019une conservation pour satisfaire \u00e0 nos obligations l\u00e9gales, comptables et fiscales (ex : obligation de conservation des factures pendant 10 ans conform\u00e9ment \u00e0 l\u2019article L.123-22 du Code de commerce) et\/ou pendant le d\u00e9lai de prescription applicable et\/ou en cas de proc\u00e9dure contentieuse pour la dur\u00e9e de ladite proc\u00e9dure.<\/p><\/div>\n\n\n\n<div class=\"wp-block-stackable-text stk-block-text stk-block stk-d0673ad\" data-block-id=\"d0673ad\"><p class=\"stk-block-text__text\">Mesures de s\u00e9curit\u00e9 pour la pr\u00e9servation de vos donn\u00e9es<br>Nous prenons toutes les pr\u00e9cautions pour pr\u00e9server la s\u00e9curit\u00e9 et la confidentialit\u00e9 des donn\u00e9es et notamment, emp\u00eacher qu\u2019elles soient d\u00e9form\u00e9es, endommag\u00e9es, ou que des tiers non autoris\u00e9s y aient acc\u00e8s. Conform\u00e9ment au r\u00e8glement 2016\/679 du 27 avril 2016, nos sous-traitants s\u2019engagent \u00e0 mettre en \u0153uvre les moyens organisationnels et techniques pour la s\u00e9curit\u00e9 et la confidentialit\u00e9 de vos donn\u00e9es.<\/p><\/div>\n\n\n\n<div class=\"wp-block-stackable-text stk-block-text stk-block stk-36a4fd7\" data-block-id=\"36a4fd7\"><p class=\"stk-block-text__text\">Quels sont vos droits ?<br>Conform\u00e9ment \u00e0 la loi, vous avez le droit de connaitre la nature des donn\u00e9es personnelles collect\u00e9es, d\u2019acc\u00e9der, de rectifier, de mettre \u00e0 jour ou de supprimer ces donn\u00e9es. Vous pouvez modifier vos pr\u00e9f\u00e9rences concernant le traitement de vos informations personnelles (profilage, abonnement newsletter\u2026), demander le transfert de vos informations \u00e0 votre profit ou bien \u00e0 celui d\u2019un tiers.<\/p><\/div>\n\n\n\n<div class=\"wp-block-stackable-text stk-block-text stk-block stk-c9b2d91\" data-block-id=\"c9b2d91\"><p class=\"stk-block-text__text\">En application des articles 14 \u00e0 22 du r\u00e8glement 2016\/679 du 27 avril 2016, toute personne physique utilisant le service a la facult\u00e9 d\u2019exercer les droits suivants :<\/p><\/div>\n\n\n\n<div class=\"wp-block-stackable-text stk-block-text stk-block stk-a7f3994\" data-block-id=\"a7f3994\"><p class=\"stk-block-text__text\">droit d\u2019acc\u00e8s,<br>droit de rectification,<br>droit d\u2019opposition et d\u2019effacement au traitement de ses donn\u00e9es,<br>droit d\u2019opposition au profilage,<br>droit \u00e0 la limitation du traitement,<br>droit \u00e0 la portabilit\u00e9 de ses donn\u00e9es.<br>Pour exercer l\u2019ensemble de ces droits, vous devez adresser un courrier postal \u00e0 l\u2019adresse suivante :<\/p><\/div>\n\n\n\n<div class=\"wp-block-stackable-text stk-block-text stk-block stk-e738492\" data-block-id=\"e738492\"><p class=\"stk-block-text__text\">Camping Les Aliz\u00e9s****<\/p><\/div>\n\n\n\n<div class=\"wp-block-stackable-text stk-block-text stk-block stk-240cb47\" data-block-id=\"240cb47\"><p class=\"stk-block-text__text\">Lieu dit \u00ab Les becs \u00bb,<\/p><\/div>\n\n\n\n<div class=\"wp-block-stackable-text stk-block-text stk-block stk-6228d9e\" data-block-id=\"6228d9e\"><p class=\"stk-block-text__text\">22 Chemin du quart du matelot<\/p><\/div>\n\n\n\n<div class=\"wp-block-stackable-text stk-block-text stk-block stk-e4f16c2\" data-block-id=\"e4f16c2\"><p class=\"stk-block-text__text\">85 270 St Hilaire de Riez<\/p><\/div>\n\n\n\n<div class=\"wp-block-stackable-text stk-block-text stk-block stk-06c8d6b\" data-block-id=\"06c8d6b\"><p class=\"stk-block-text__text\">Ou un courriel \u00e0 : contact@campingalizes.com<\/p><\/div>\n\n\n\n<div class=\"wp-block-stackable-text stk-block-text stk-block stk-661ec63\" data-block-id=\"661ec63\"><p class=\"stk-block-text__text\">Politique des cookies<br>Un cookie est un petit fichier enregistr\u00e9 par le navigateur de votre ordinateur, tablette ou smartphone et qui permet de conserver des donn\u00e9es utilisateur pour faciliter la navigation et permettre certaines fonctionnalit\u00e9s.<\/p><\/div>\n\n\n\n<div class=\"wp-block-stackable-text stk-block-text stk-block stk-306d1ac\" data-block-id=\"306d1ac\"><p class=\"stk-block-text__text\">Les cookies nous permettent de conserver les informations sur votre navigation. Ils nous aident \u00e0 comprendre votre comportement et interactions avec le site, ce qui nous permet de mettre en place des modifications pour rendre votre exp\u00e9rience et votre navigation sur le site plus fluides et intuitives.<\/p><\/div>\n\n\n\n<div class=\"wp-block-stackable-text stk-block-text stk-block stk-693220b\" data-block-id=\"693220b\"><p class=\"stk-block-text__text\">Certains cookies sont indispensables \u00e0 l\u2019utilisation du m\u00e9dia, d\u2019autres permettent d\u2019optimiser et de personnaliser les contenus affich\u00e9s, et d\u2019autres enfin, d\u2019afficher des publicit\u00e9s. Ils ne permettent pas d\u2019identifier directement un utilisateur, mais identifient un navigateur ou un terminal.<\/p><\/div>\n\n\n\n<div class=\"wp-block-stackable-text stk-block-text stk-block stk-9759317\" data-block-id=\"9759317\"><p class=\"stk-block-text__text\">La plupart des navigateurs acceptent automatiquement ces cookies, mais vous pouvez les supprimer ou activer le rejet des cookies. Chaque navigateur \u00e9tant diff\u00e9rent, vous devez v\u00e9rifier dans le menu \u00ab Aide \u00bb de votre navigateur comment modifier les pr\u00e9f\u00e9rences en mati\u00e8re de cookies. Le comportement du site reste le m\u00eame et l\u2019ensemble des fonctionnalit\u00e9s sont accessibles. Lors de votre navigation sur notre site, le syst\u00e8me peut installer trois types de cookies dans votre terminal :<\/p><\/div>\n\n\n\n<div class=\"wp-block-stackable-text stk-block-text stk-block stk-4dc68b5\" data-block-id=\"4dc68b5\"><p class=\"stk-block-text__text\">les cookies techniques : ils ont pour objectif de rendre possible votre navigation sur le site, d\u2019assurer la s\u00e9curit\u00e9 du site et de vous permettre d\u2019acc\u00e9der aux diff\u00e9rentes fonctionnalit\u00e9s et services du site ;<br>les cookies de mesure d\u2019audience : permettent l\u2019\u00e9tablissement de statistiques de fr\u00e9quentation, de navigation et d\u2019interaction avec le site ;<br>les cookies publicitaires : vous proposent des publicit\u00e9s adapt\u00e9es \u00e0 votre profil et vos int\u00e9r\u00eats sur des sites tiers.<br>Nous recueillons ces informations pour am\u00e9liorer la qualit\u00e9 de votre exp\u00e9rience pendant votre visite sur notre site, et nous ne vendons ni c\u00e9dons ces informations \u00e0 des tierces parties.<\/p><\/div>\n\n\n\n<div class=\"wp-block-stackable-text stk-block-text stk-block stk-32936cd\" data-block-id=\"32936cd\"><p class=\"stk-block-text__text\">Bases juridiques de traitement de vos donn\u00e9es<br>Conform\u00e9ment \u00e0 la l\u00e9gislation en vigueur, pour traiter vos donn\u00e9es, nous nous appuyons sur diff\u00e9rentes bases juridiques, notamment :<\/p><\/div>\n\n\n\n<div class=\"wp-block-stackable-text stk-block-text stk-block stk-d2f08ec\" data-block-id=\"d2f08ec\"><p class=\"stk-block-text__text\">l\u2019ex\u00e9cution d\u2019un contrat,<br>l\u2019ex\u00e9cution d\u2019une obligation l\u00e9gale (ex : conservation de factures),<br>dans notre int\u00e9r\u00eat l\u00e9gitime*,<br>lorsque vous avez donn\u00e9 votre consentement.<\/p><\/div>\n\n\n\n<div class=\"wp-block-stackable-icon-list stk-block-icon-list stk-block stk-39a2901\" data-block-id=\"39a2901\"><style>.stk-39a2901 {margin-bottom:var(--stk--preset--spacing--40, 30px) !important;}<\/style><svg style=\"display:none\"><defs><g id=\"stk-icon-list__icon-svg-def-39a2901\"><svg xmlns=\"http:\/\/www.w3.org\/2000\/svg\" viewbox=\"0 0 190 190\"><polygon points=\"173.8,28.4 60.4,141.8 15.7,97.2 5.1,107.8 60.4,163 184.4,39 173.8,28.4\"\/><\/svg><\/g><\/defs><\/svg><ul class=\"stk-block-icon-list__ul stk-block-icon-list--column\">\n<li class=\"wp-block-stackable-icon-list-item stk-block-icon-list-item stk-block stk-0be6d3f\" data-block-id=\"0be6d3f\"><div class=\"stk-block-icon-list-item__content\"><span class=\"stk--svg-wrapper\"><div class=\"stk--inner-svg\"><svg aria-hidden=\"true\" width=\"32\" height=\"32\"><use xlink:href=\"#stk-icon-list__icon-svg-def-39a2901\"><\/use><\/svg><\/div><\/span><span class=\"stk-block-icon-list-item__text\">L\u2019int\u00e9r\u00eat l\u00e9gitime ne doit pas aller \u00e0 l\u2019encontre des droits et libert\u00e9s des utilisateurs. Parmi les exemples d\u2019int\u00e9r\u00eats l\u00e9gitimes mentionn\u00e9s dans le RGPD, figurent la pr\u00e9vention de la fraude, le marketing direct.<\/span><\/div><\/li>\n<\/ul><\/div>","protected":false},"excerpt":{"rendered":"<p>Informations g\u00e9n\u00e9rales :Le site https:\/\/www.campingalizes.com est \u00e9dit\u00e9 par :SARL ABC Vacances et loisirs immatricul\u00e9e au RCS de La Roche sur Yon sous le num\u00e9ro 528786767Si\u00e8ge social : Avenue de la Par\u00e9e Pr\u00e9neau 85270 Saint Hilaire de RiezSiret : 528 786 767 000 38 APE : 5530ZResponsable de la publication : SARL ABC Vacances et loisirs.T\u00e9l\u00e9phone [&hellip;]<\/p>\n","protected":false},"author":1,"featured_media":0,"parent":0,"menu_order":0,"comment_status":"closed","ping_status":"closed","template":"","meta":{"_acf_changed":false,"_seopress_robots_primary_cat":"","_seopress_titles_title":"Mentions l\u00e9gales \u2013 Camping Vend\u00e9e","_seopress_titles_desc":"Mentions l\u00e9gales et politique du camping 4 \u00e9toiles \u00e0 Saint\u2011Hilaire\u2011de\u2011Riez, informations officielles.","_seopress_robots_index":"","_vp_format_video_url":"","_vp_image_focal_point":[],"footnotes":""},"class_list":["post-166","page","type-page","status-publish","hentry"],"acf":[],"_links":{"self":[{"href":"https:\/\/campingalizes.com\/en\/wp-json\/wp\/v2\/pages\/166","targetHints":{"allow":["GET"]}}],"collection":[{"href":"https:\/\/campingalizes.com\/en\/wp-json\/wp\/v2\/pages"}],"about":[{"href":"https:\/\/campingalizes.com\/en\/wp-json\/wp\/v2\/types\/page"}],"author":[{"embeddable":true,"href":"https:\/\/campingalizes.com\/en\/wp-json\/wp\/v2\/users\/1"}],"replies":[{"embeddable":true,"href":"https:\/\/campingalizes.com\/en\/wp-json\/wp\/v2\/comments?post=166"}],"version-history":[{"count":4,"href":"https:\/\/campingalizes.com\/en\/wp-json\/wp\/v2\/pages\/166\/revisions"}],"predecessor-version":[{"id":18773,"href":"https:\/\/campingalizes.com\/en\/wp-json\/wp\/v2\/pages\/166\/revisions\/18773"}],"wp:attachment":[{"href":"https:\/\/campingalizes.com\/en\/wp-json\/wp\/v2\/media?parent=166"}],"curies":[{"name":"wp","href":"https:\/\/api.w.org\/{rel}","templated":true}]}}