{"id":439,"date":"2026-03-11T15:31:11","date_gmt":"2026-03-11T14:31:11","guid":{"rendered":"https:\/\/campingalizes.com\/?page_id=439"},"modified":"2026-04-17T12:06:43","modified_gmt":"2026-04-17T10:06:43","slug":"saint-jean-de-monts-state-forest","status":"publish","type":"page","link":"https:\/\/campingalizes.com\/en\/cote-nature\/foret-domaniale-saint-jean-de-monts\/","title":{"rendered":"The state forest at Saint-Jean-de-Monts, near Camping Les Aliz\u00e9s"},"content":{"rendered":"<div class=\"wp-block-stackable-text stk-block-text stk-block stk-14e94ec\" data-block-id=\"14e94ec\"><style>.stk-14e94ec .stk-block-text__text{font-size:1rem !important;font-family:\"Sintony\", Sans-serif !important;}@media screen and (max-width: 1023px){.stk-14e94ec .stk-block-text__text{font-size:1rem !important;}}<\/style><p class=\"stk-block-text__text has-text-align-center translation-block\">Staying at Camping Les Aliz\u00e9s is also about taking the time to breathe, slow down, and reconnect with what's essential. Just a few minutes from the campsite, the Saint-Jean-de-Monts departmental forest invites you to enjoy a holiday immersed in nature, among pine trees, sand, and salty air.\n\nLocated on the natural border between Saint-Hilaire-de-Riez and Saint-Jean-de-Monts, this large coastal forest is an integral part of the local landscape. It accompanies your holiday from the first day to the last, often without us even realising it.\n\nIt's a place you sometimes discover by chance\u2026 and never forget. A stroll, a ray of sunshine through the trees, the song of birds, and already, everyday life seems far away.<\/p><\/div>\n\n\n\n<div class=\"wp-block-stackable-columns stk-block-columns stk-block stk-a8b15ac\" data-block-id=\"a8b15ac\"><style>.stk-a8b15ac .stk--block-align-a8b15ac{align-items:center !important;}.stk-a8b15ac {margin-bottom:39px !important;}.stk-a8b15ac-column{--stk-column-gap:var(--stk--preset--spacing--50, clamp(30px, 5vw, 50px)) !important;}<\/style><div class=\"stk-row stk-inner-blocks stk--block-align-a8b15ac stk-block-content stk-content-align stk-a8b15ac-column\">\n<div class=\"wp-block-stackable-column stk-block-column stk-column stk-block stk-3cbfc90\" data-v=\"4\" data-block-id=\"3cbfc90\"><div class=\"stk-column-wrapper stk-block-column__content stk-container stk-3cbfc90-container stk--no-background stk--no-padding\"><div class=\"stk-block-content stk-inner-blocks stk-3cbfc90-inner-blocks\">\n<div class=\"wp-block-stackable-image stk-block-image stk-block stk-219e0ea\" data-block-id=\"219e0ea\"><style>.stk-219e0ea {border-top-left-radius:25px !important;border-bottom-right-radius:25px !important;overflow:hidden !important;box-shadow:2px 2px 21px 0px #00000096 !important;}.stk-219e0ea .stk-img-wrapper{width:100% !important;height:750px !important;}@media screen and (max-width: 767px){.stk-219e0ea .stk-img-wrapper{height:400px !important;}}<\/style><figure><span class=\"stk-img-wrapper stk-image--shape-stretch\"><img loading=\"lazy\" decoding=\"async\" class=\"stk-img wp-image-442\" src=\"https:\/\/campingalizes.com\/wp-content\/uploads\/2026\/03\/pinede-saint-jean-de-monts-img_6148_webformat.webp\" width=\"1000\" height=\"667\" alt=\"Pinede Saint Jean de Monts\" srcset=\"https:\/\/campingalizes.com\/wp-content\/uploads\/2026\/03\/pinede-saint-jean-de-monts-img_6148_webformat.webp 1000w, https:\/\/campingalizes.com\/wp-content\/uploads\/2026\/03\/pinede-saint-jean-de-monts-img_6148_webformat-300x200.webp 300w, https:\/\/campingalizes.com\/wp-content\/uploads\/2026\/03\/pinede-saint-jean-de-monts-img_6148_webformat-768x512.webp 768w, https:\/\/campingalizes.com\/wp-content\/uploads\/2026\/03\/pinede-saint-jean-de-monts-img_6148_webformat-18x12.webp 18w, https:\/\/campingalizes.com\/wp-content\/uploads\/2026\/03\/pinede-saint-jean-de-monts-img_6148_webformat-500x334.webp 500w, https:\/\/campingalizes.com\/wp-content\/uploads\/2026\/03\/pinede-saint-jean-de-monts-img_6148_webformat-800x534.webp 800w\" sizes=\"auto, (max-width: 1000px) 100vw, 1000px\" \/><\/span><\/figure><\/div>\n<\/div><\/div><\/div>\n\n\n\n<div class=\"wp-block-stackable-column stk-block-column stk-column stk-block stk-233c298\" data-v=\"4\" data-block-id=\"233c298\"><div class=\"stk-column-wrapper stk-block-column__content stk-container stk-233c298-container stk--no-background stk--no-padding\"><div class=\"stk-block-content stk-inner-blocks stk-233c298-inner-blocks\">\n<div class=\"wp-block-stackable-heading stk-block-heading stk-block-heading--v2 stk-block stk-e4ae7f0\" id=\"une-grande-foret-protegee-entre-mer-et-dunes\" data-block-id=\"e4ae7f0\"><style>.stk-e4ae7f0 .stk-block-heading__text{font-size:3rem !important;}@media screen and (max-width: 1023px){.stk-e4ae7f0 .stk-block-heading__text{font-size:3rem !important;}}<\/style><h2 class=\"stk-block-heading__text\">A large protected forest between sea and dunes<\/h2><\/div>\n\n\n\n<div class=\"wp-block-stackable-text stk-block-text stk-block stk-18c0a95\" data-block-id=\"18c0a95\"><p class=\"stk-block-text__text translation-block\">The Saint-Jean-de-Monts State Forest belongs to the state and is subject to sustainable management to preserve the landscapes, biodiversity, and natural balance of the Vend\u00e9e coast.\n\nIt plays an essential role in protecting the dunes from erosion and actively contributes to the stability of the dune system. A natural rampart against the Atlantic Ocean, it is now a precious space, simultaneously alive, fragile, and accessible.\n\nTo walk in this forest is to discover a natural heritage shaped by time and by the commitment of those who ensure its preservation.<\/p><\/div>\n\n\n\n<div class=\"wp-block-stackable-heading stk-block-heading stk-block-heading--v2 stk-block stk-c43bc78\" id=\"un-autre-rythme-a-deux-pas-du-camping\" data-block-id=\"c43bc78\"><style>.stk-c43bc78 .stk-block-heading__text{font-size:3rem !important;}@media screen and (max-width: 1023px){.stk-c43bc78 .stk-block-heading__text{font-size:3rem !important;}}<\/style><h2 class=\"stk-block-heading__text\">Another rhythm just a stone's throw from the campsite<\/h2><\/div>\n\n\n\n<p data-block-type=\"core\" class=\"translation-block\">From Camping Les Aliz\u00e9s, the Saint-Jean-de-Monts state forest is easily accessible on foot, by bike, or in a few minutes by car. You can quickly switch from the friendly atmosphere of the campsite to a peaceful environment, conducive to relaxation.\n\nWalking without a specific goal, breathing deeply, observing the light filtering through the pine trees... here, everything invites you to slow down.\n\nStaying at a campsite near the state forest allows you to enjoy both the sea, the cycle paths, and a remarkable natural setting, without having to travel around too much.<\/p>\n<\/div><\/div><\/div>\n<\/div><\/div>\n\n\n\n<div class=\"wp-block-stackable-columns alignfull stk-block-columns stk-block stk-67ae59e stk-block-background\" data-block-id=\"67ae59e\"><style>.stk-67ae59e .stk--block-align-67ae59e{align-items:center !important;}.stk-67ae59e {background-color:var(--stk-global-color-88321, #6a7a6d) !important;border-top-left-radius:25px !important;border-top-right-radius:25px !important;border-bottom-right-radius:25px !important;border-bottom-left-radius:25px !important;overflow:hidden !important;padding-top:var(--stk--preset--spacing--50, clamp(30px, 5vw, 50px)) !important;padding-bottom:var(--stk--preset--spacing--50, clamp(30px, 5vw, 50px)) !important;margin-bottom:42px !important;}.stk-67ae59e:before{background-color:var(--stk-global-color-88321, #6a7a6d) !important;}.stk-67ae59e-column{max-width:1280px !important;min-width:auto !important;--stk-column-gap:var(--stk--preset--spacing--50, clamp(30px, 5vw, 50px)) !important;}<\/style><div class=\"stk-row stk-inner-blocks stk--block-align-67ae59e stk-block-content stk-content-align stk-67ae59e-column alignwide\">\n<div class=\"wp-block-stackable-column stk-block-column stk-column stk-block stk-5c777f6\" data-v=\"4\" data-block-id=\"5c777f6\"><div class=\"stk-column-wrapper stk-block-column__content stk-container stk-5c777f6-container stk--no-background stk--no-padding\"><div class=\"stk-block-content stk-inner-blocks stk-5c777f6-inner-blocks\">\n<div class=\"wp-block-stackable-heading stk-block-heading stk-block-heading--v2 stk-block stk-47f3096\" id=\"des-moments-simples-a-partager-en-pleine-nature\" data-block-id=\"47f3096\"><style>.stk-47f3096 .stk-block-heading__text{font-size:3rem !important;color:#fffffe !important;}@media screen and (max-width: 1023px){.stk-47f3096 .stk-block-heading__text{font-size:3rem !important;}}<\/style><h2 class=\"stk-block-heading__text has-text-color\">Simple moments to share in the heart of nature<\/h2><\/div>\n\n\n\n<div class=\"wp-block-stackable-text stk-block-text stk-block stk-98f3434\" data-block-id=\"98f3434\"><style>.stk-98f3434 .stk-block-text__text{color:#fffffe !important;}<\/style><p class=\"stk-block-text__text has-text-color\">The state forest is a true space of freedom for young and old alike. It lends itself to many activities, always with respect for the environment:<\/p><\/div>\n\n\n\n<div class=\"wp-block-stackable-icon-list stk-block-icon-list stk-block stk-a50756e\" data-block-id=\"a50756e\"><style>.stk-a50756e {--stk-icon-list-marker-color:var(--stk-global-color-37674, #e8dcca) !important;--stk-icon-list-icon-size:6px !important;}.stk-a50756e .stk-block-icon-list-item__content{align-items:baseline !important;}<\/style><svg style=\"display:none\"><defs><g id=\"stk-icon-list__icon-svg-def-a50756e\"><svg xmlns=\"http:\/\/www.w3.org\/2000\/svg\" viewbox=\"0 0 512 512\"><path d=\"M256 512A256 256 0 1 0 256 0a256 256 0 1 0 0 512z\"\/><\/svg><\/g><\/defs><\/svg><ul class=\"stk-block-icon-list__ul stk-block-icon-list--column\">\n<li class=\"wp-block-stackable-icon-list-item stk-block-icon-list-item stk-block stk-5874fe9\" data-block-id=\"5874fe9\"><style>.stk-5874fe9 .stk-block-icon-list-item__text{color:#fffffe !important;}<\/style><div class=\"stk-block-icon-list-item__content\"><span class=\"stk--svg-wrapper\"><div class=\"stk--inner-svg\"><svg aria-hidden=\"true\" width=\"32\" height=\"32\"><use xlink:href=\"#stk-icon-list__icon-svg-def-a50756e\"><\/use><\/svg><\/div><\/span><span class=\"stk-block-icon-list-item__text has-text-color\">Walks or bike rides on the developed trails ;<\/span><\/div><\/li>\n\n\n\n<li class=\"wp-block-stackable-icon-list-item stk-block-icon-list-item stk-block stk-cb048bb\" data-block-id=\"cb048bb\"><style>.stk-cb048bb .stk-block-icon-list-item__text{color:#fffffe !important;}<\/style><div class=\"stk-block-icon-list-item__content\"><span class=\"stk--svg-wrapper\"><div class=\"stk--inner-svg\"><svg aria-hidden=\"true\" width=\"32\" height=\"32\"><use xlink:href=\"#stk-icon-list__icon-svg-def-a50756e\"><\/use><\/svg><\/div><\/span><span class=\"stk-block-icon-list-item__text has-text-color\">Picnic in the shade of the pine trees; ;<\/span><\/div><\/li>\n\n\n\n<li class=\"wp-block-stackable-icon-list-item stk-block-icon-list-item stk-block stk-f6559c6\" data-block-id=\"f6559c6\"><style>.stk-f6559c6 .stk-block-icon-list-item__text{color:#fffffe !important;}<\/style><div class=\"stk-block-icon-list-item__content\"><span class=\"stk--svg-wrapper\"><div class=\"stk--inner-svg\"><svg aria-hidden=\"true\" width=\"32\" height=\"32\"><use xlink:href=\"#stk-icon-list__icon-svg-def-a50756e\"><\/use><\/svg><\/div><\/span><span class=\"stk-block-icon-list-item__text has-text-color\">Observations of local flora and fauna ;<\/span><\/div><\/li>\n\n\n\n<li class=\"wp-block-stackable-icon-list-item stk-block-icon-list-item stk-block stk-9ad9b94\" data-block-id=\"9ad9b94\"><style>.stk-9ad9b94 .stk-block-icon-list-item__text{color:#fffffe !important;}<\/style><div class=\"stk-block-icon-list-item__content\"><span class=\"stk--svg-wrapper\"><div class=\"stk--inner-svg\"><svg aria-hidden=\"true\" width=\"32\" height=\"32\"><use xlink:href=\"#stk-icon-list__icon-svg-def-a50756e\"><\/use><\/svg><\/div><\/span><span class=\"stk-block-icon-list-item__text has-text-color\">Moments of relaxation, reading, or contemplation.<\/span><\/div><\/li>\n<\/ul><\/div>\n\n\n\n<div class=\"wp-block-stackable-text stk-block-text stk-block stk-f57459e\" data-block-id=\"f57459e\"><style>.stk-f57459e .stk-block-text__text{color:#fffffe !important;}<\/style><p class=\"stk-block-text__text has-text-color translation-block\">For those who wish to delve deeper into the discovery of the natural environment, it is also possible to participate in guided tours and activities offered by Biotopia, in Notre-Dame-de-Monts. A great way to learn more about local biodiversity, while enjoying an enriching experience.\n\nAll of this also allows for an easy balance between days at the beach, outings to the seaside resort, and more peaceful moments in the heart of nature.<\/p><\/div>\n<\/div><\/div><\/div>\n\n\n\n<div class=\"wp-block-stackable-column stk-block-column stk-column stk-block stk-9e5bd61\" data-v=\"4\" data-block-id=\"9e5bd61\"><div class=\"stk-column-wrapper stk-block-column__content stk-container stk-9e5bd61-container stk--no-background stk--no-padding\"><div class=\"stk-block-content stk-inner-blocks stk-9e5bd61-inner-blocks\">\n<div class=\"wp-block-stackable-image stk-block-image has-text-align-right stk-block stk-d1ff07d\" data-block-id=\"d1ff07d\"><style>.stk-d1ff07d {margin-bottom:-71px !important;z-index:3 !important;}.stk-d1ff07d .stk-img-wrapper{width:354px !important;filter:drop-shadow(2px 0px 13px #000000a1) !important;}<\/style><figure><span class=\"stk-img-wrapper stk-image--shape-stretch stk--shadow-2px 0px 13px #000000a1\"><img loading=\"lazy\" decoding=\"async\" class=\"stk-img wp-image-141\" src=\"https:\/\/campingalizes.com\/wp-content\/uploads\/2026\/03\/graphic_elements.png\" width=\"354\" height=\"150\" alt=\"Seabird Vend\u00e9e coast\" srcset=\"https:\/\/campingalizes.com\/wp-content\/uploads\/2026\/03\/graphic_elements.png 354w, https:\/\/campingalizes.com\/wp-content\/uploads\/2026\/03\/graphic_elements-300x127.png 300w, https:\/\/campingalizes.com\/wp-content\/uploads\/2026\/03\/graphic_elements-18x8.png 18w\" sizes=\"auto, (max-width: 354px) 100vw, 354px\" \/><\/span><\/figure><\/div>\n\n\n\n<div class=\"wp-block-stackable-image stk-block-image stk-block stk-78bf8e5\" data-block-id=\"78bf8e5\"><style>.stk-78bf8e5 {border-top-left-radius:25px !important;border-bottom-right-radius:25px !important;overflow:hidden !important;box-shadow:2px 2px 21px 0px #00000096 !important;}.stk-78bf8e5 .stk-img-wrapper{width:100% !important;height:484px !important;}@media screen and (max-width: 767px){.stk-78bf8e5 .stk-img-wrapper{height:400px !important;}}<\/style><figure><span class=\"stk-img-wrapper stk-image--shape-stretch\"><img loading=\"lazy\" decoding=\"async\" class=\"stk-img wp-image-444\" src=\"https:\/\/campingalizes.com\/wp-content\/uploads\/2026\/03\/foret-pinede-saint-jean-de-monts-img_6139_webformat.webp\" width=\"1000\" height=\"667\" alt=\"Pine forest Saint Jean de Monts\" srcset=\"https:\/\/campingalizes.com\/wp-content\/uploads\/2026\/03\/foret-pinede-saint-jean-de-monts-img_6139_webformat.webp 1000w, https:\/\/campingalizes.com\/wp-content\/uploads\/2026\/03\/foret-pinede-saint-jean-de-monts-img_6139_webformat-300x200.webp 300w, https:\/\/campingalizes.com\/wp-content\/uploads\/2026\/03\/foret-pinede-saint-jean-de-monts-img_6139_webformat-768x512.webp 768w, https:\/\/campingalizes.com\/wp-content\/uploads\/2026\/03\/foret-pinede-saint-jean-de-monts-img_6139_webformat-18x12.webp 18w, https:\/\/campingalizes.com\/wp-content\/uploads\/2026\/03\/foret-pinede-saint-jean-de-monts-img_6139_webformat-500x334.webp 500w, https:\/\/campingalizes.com\/wp-content\/uploads\/2026\/03\/foret-pinede-saint-jean-de-monts-img_6139_webformat-800x534.webp 800w\" sizes=\"auto, (max-width: 1000px) 100vw, 1000px\" \/><\/span><\/figure><\/div>\n<\/div><\/div><\/div>\n<\/div><\/div>\n\n\n\n<div class=\"wp-block-stackable-columns stk-block-columns stk-block stk-f78a4f7\" data-block-id=\"f78a4f7\"><style>.stk-f78a4f7 .stk--block-align-f78a4f7{align-items:center !important;}.stk-f78a4f7 {margin-bottom:39px !important;}.stk-f78a4f7-column{--stk-column-gap:var(--stk--preset--spacing--50, clamp(30px, 5vw, 50px)) !important;}<\/style><div class=\"stk-row stk-inner-blocks stk--block-align-f78a4f7 stk-block-content stk-content-align stk-f78a4f7-column\">\n<div class=\"wp-block-stackable-column stk-block-column stk-column stk-block stk-96e799d\" data-v=\"4\" data-block-id=\"96e799d\"><div class=\"stk-column-wrapper stk-block-column__content stk-container stk-96e799d-container stk--no-background stk--no-padding\"><div class=\"stk-block-content stk-inner-blocks stk-96e799d-inner-blocks\">\n<div class=\"wp-block-stackable-image stk-block-image stk-block stk-910a72c stk-block-background stk--has-background-overlay\" data-block-id=\"910a72c\"><style>.stk-910a72c {background-image:url(https:\/\/campingalizes.com\/wp-content\/uploads\/2026\/03\/foret-de-pin-saint-jean-de-monts-img_4462_webformat.webp) !important;border-top-left-radius:25px !important;border-bottom-right-radius:25px !important;overflow:hidden !important;box-shadow:2px 2px 21px 0px #00000096 !important;}.stk-910a72c .stk-img-wrapper{width:100% !important;height:640px !important;}@media screen and (max-width: 767px){.stk-910a72c .stk-img-wrapper{height:400px !important;}}<\/style><style class=\"stk-custom-css\">.stk-910a72c.stk-block-image img{visibility:hidden !important}<\/style><figure><span class=\"stk-img-wrapper stk-image--shape-stretch\"><img loading=\"lazy\" decoding=\"async\" class=\"stk-img wp-image-445\" src=\"https:\/\/campingalizes.com\/wp-content\/uploads\/2026\/03\/foret-de-pin-saint-jean-de-monts-img_4462_webformat.webp\" width=\"1000\" height=\"667\" alt=\"Pine forest Saint-Jean-de-Monts\" srcset=\"https:\/\/campingalizes.com\/wp-content\/uploads\/2026\/03\/foret-de-pin-saint-jean-de-monts-img_4462_webformat.webp 1000w, https:\/\/campingalizes.com\/wp-content\/uploads\/2026\/03\/foret-de-pin-saint-jean-de-monts-img_4462_webformat-300x200.webp 300w, https:\/\/campingalizes.com\/wp-content\/uploads\/2026\/03\/foret-de-pin-saint-jean-de-monts-img_4462_webformat-768x512.webp 768w, https:\/\/campingalizes.com\/wp-content\/uploads\/2026\/03\/foret-de-pin-saint-jean-de-monts-img_4462_webformat-18x12.webp 18w, https:\/\/campingalizes.com\/wp-content\/uploads\/2026\/03\/foret-de-pin-saint-jean-de-monts-img_4462_webformat-500x334.webp 500w, https:\/\/campingalizes.com\/wp-content\/uploads\/2026\/03\/foret-de-pin-saint-jean-de-monts-img_4462_webformat-800x534.webp 800w\" sizes=\"auto, (max-width: 1000px) 100vw, 1000px\" \/><\/span><\/figure><\/div>\n<\/div><\/div><\/div>\n\n\n\n<div class=\"wp-block-stackable-column stk-block-column stk-column stk-block stk-b175f2b\" data-v=\"4\" data-block-id=\"b175f2b\"><div class=\"stk-column-wrapper stk-block-column__content stk-container stk-b175f2b-container stk--no-background stk--no-padding\"><div class=\"stk-block-content stk-inner-blocks stk-b175f2b-inner-blocks\">\n<div class=\"wp-block-stackable-heading stk-block-heading stk-block-heading--v2 stk-block stk-d2ab470\" id=\"des-vacances-en-harmonie-avec-la-nature\" data-block-id=\"d2ab470\"><style>.stk-d2ab470 .stk-block-heading__text{font-size:3rem !important;}@media screen and (max-width: 1023px){.stk-d2ab470 .stk-block-heading__text{font-size:3rem !important;}}<\/style><h2 class=\"stk-block-heading__text\">A holiday in harmony with nature<\/h2><\/div>\n\n\n\n<div class=\"wp-block-stackable-text stk-block-text stk-block stk-b28af23\" data-block-id=\"b28af23\"><p class=\"stk-block-text__text translation-block\">At Camping Les Aliz\u00e9s, we are deeply committed to our environment and the quality of your stay. The proximity of the Saint-Jean-de-Monts state forest serves as a daily reminder of the importance of preserving this exceptional natural heritage.\n\nOur commitment is reflected in our careful attention to our practices, the responsible management of resources, and respect for our living environment. We also encourage sustainable modes of transport, such as walking or cycling, to minimise our impact on nature.\n\nWe believe that a successful stay is, above all, a respectful, simple, human, and sincere one.<\/p><\/div>\n\n\n\n<div class=\"wp-block-stackable-heading stk-block-heading stk-block-heading--v2 stk-block stk-5812db5\" id=\"une-foret-vivante-au-fil-des-saisons\" data-block-id=\"5812db5\"><style>.stk-5812db5 .stk-block-heading__text{font-size:3rem !important;}@media screen and (max-width: 1023px){.stk-5812db5 .stk-block-heading__text{font-size:3rem !important;}}<\/style><h2 class=\"stk-block-heading__text\">A living forest through the seasons<\/h2><\/div>\n\n\n\n<p data-block-type=\"core\" class=\"translation-block\">The state-owned forest between Saint-Hilaire-de-Riez and Saint-Jean-de-Monts offers different atmospheres throughout the year. In spring, it awakens gently. In summer, it brings a welcome coolness. In autumn, it adorns itself with warm colours. In winter, it regains a meditative calm.\n\nEach season reveals a new facet of this natural territory. Each walk becomes a different experience, depending on the light, the wind and the atmosphere of the moment.<\/p>\n<\/div><\/div><\/div>\n<\/div><\/div>\n\n\n\n<div class=\"wp-block-stackable-columns alignfull stk-block-columns stk-block stk-091e00d stk-block-background\" data-block-id=\"091e00d\"><style>.stk-091e00d .stk--block-align-091e00d{align-items:center !important;}.stk-091e00d {background-color:var(--stk-global-color-88321, #6a7a6d) !important;border-top-left-radius:25px !important;border-top-right-radius:25px !important;border-bottom-right-radius:0px !important;border-bottom-left-radius:0px !important;overflow:hidden !important;padding-top:var(--stk--preset--spacing--50, clamp(30px, 5vw, 50px)) !important;padding-bottom:var(--stk--preset--spacing--50, clamp(30px, 5vw, 50px)) !important;margin-bottom:0px !important;}.stk-091e00d:before{background-color:var(--stk-global-color-88321, #6a7a6d) !important;}.stk-091e00d-column{max-width:1280px !important;min-width:auto !important;--stk-column-gap:var(--stk--preset--spacing--50, clamp(30px, 5vw, 50px)) !important;}<\/style><div class=\"stk-row stk-inner-blocks stk--block-align-091e00d stk-block-content stk-content-align stk-091e00d-column alignwide\">\n<div class=\"wp-block-stackable-column stk-block-column stk-column stk-block stk-63f6f08\" data-v=\"4\" data-block-id=\"63f6f08\"><div class=\"stk-column-wrapper stk-block-column__content stk-container stk-63f6f08-container stk--no-background stk--no-padding\"><div class=\"stk-block-content stk-inner-blocks stk-63f6f08-inner-blocks\">\n<div class=\"wp-block-stackable-heading stk-block-heading stk-block-heading--v2 stk-block stk-b5ccfb2\" id=\"votre-point-de-depart-nature-en-vendee\" data-block-id=\"b5ccfb2\"><style>.stk-b5ccfb2 .stk-block-heading__text{font-size:3rem !important;color:#fffffe !important;}@media screen and (max-width: 1023px){.stk-b5ccfb2 .stk-block-heading__text{font-size:3rem !important;}}<\/style><h2 class=\"stk-block-heading__text has-text-color\">Your nature starting point in Vend\u00e9e<\/h2><\/div>\n\n\n\n<div class=\"wp-block-stackable-text stk-block-text stk-block stk-f577000\" data-block-id=\"f577000\"><style>.stk-f577000 .stk-block-text__text{color:#fffffe !important;}<\/style><p class=\"stk-block-text__text has-text-color translation-block\">Ideally situated between the sea and the forest, Camping Les Aliz\u00e9s is the perfect starting point for exploring the natural riches of Saint-Hilaire-de-Riez, Saint-Jean-de-Monts, and the Vend\u00e9e coast.<br><br>After a day spent outdoors, you can return to the comfort and family atmosphere of the campsite: welcoming accommodation, services designed for your well-being, and a team that's always available.<br><br>Our goal is simple: to offer you an authentic, warm, and nature-connected stay, in a spirit of trust and conviviality.<\/p><\/div>\n\n\n\n<div class=\"wp-block-stackable-heading stk-block-heading stk-block-heading--v2 stk-block stk-b58be97\" id=\"et-si-la-foret-faisait-partie-de-vos-plus-beaux-souvenirs\" data-block-id=\"b58be97\"><style>.stk-b58be97 .stk-block-heading__text{font-size:3rem !important;color:#fffffe !important;}@media screen and (max-width: 1023px){.stk-b58be97 .stk-block-heading__text{font-size:3rem !important;}}<\/style><h2 class=\"stk-block-heading__text has-text-color\">What if the forest was part of your fondest memories?<\/h2><\/div>\n\n\n\n<div class=\"wp-block-stackable-text stk-block-text stk-block stk-157f2ce\" data-block-id=\"157f2ce\"><style>.stk-157f2ce .stk-block-text__text{color:#fffffe !important;}<\/style><p class=\"stk-block-text__text has-text-color translation-block\">By choosing Camping Les Al.<\/p><\/div>\n<\/div><\/div><\/div>\n\n\n\n<div class=\"wp-block-stackable-column stk-block-column stk-column stk-block stk-4336861\" data-v=\"4\" data-block-id=\"4336861\"><div class=\"stk-column-wrapper stk-block-column__content stk-container stk-4336861-container stk--no-background stk--no-padding\"><div class=\"stk-block-content stk-inner-blocks stk-4336861-inner-blocks\">\n<div class=\"wp-block-stackable-image stk-block-image has-text-align-right stk-block stk-da49d46\" data-block-id=\"da49d46\"><style>.stk-da49d46 {margin-bottom:-71px !important;z-index:3 !important;}.stk-da49d46 .stk-img-wrapper{width:354px !important;filter:drop-shadow(2px 0px 13px #000000a1) !important;}<\/style><figure><span class=\"stk-img-wrapper stk-image--shape-stretch stk--shadow-2px 0px 13px #000000a1\"><img loading=\"lazy\" decoding=\"async\" class=\"stk-img wp-image-141\" src=\"https:\/\/campingalizes.com\/wp-content\/uploads\/2026\/03\/graphic_elements.png\" width=\"354\" height=\"150\" alt=\"Seabird Vend\u00e9e coast\" srcset=\"https:\/\/campingalizes.com\/wp-content\/uploads\/2026\/03\/graphic_elements.png 354w, https:\/\/campingalizes.com\/wp-content\/uploads\/2026\/03\/graphic_elements-300x127.png 300w, https:\/\/campingalizes.com\/wp-content\/uploads\/2026\/03\/graphic_elements-18x8.png 18w\" sizes=\"auto, (max-width: 354px) 100vw, 354px\" \/><\/span><\/figure><\/div>\n\n\n\n<div class=\"wp-block-stackable-image stk-block-image stk-block stk-5d693cc stk-block-background stk--has-background-overlay\" data-block-id=\"5d693cc\"><style>.stk-5d693cc {background-image:url(https:\/\/campingalizes.com\/wp-content\/uploads\/2026\/03\/pistes-cyclables-saint-jean-de-monts-img_4215_webformat.webp) !important;border-top-left-radius:25px !important;border-bottom-right-radius:25px !important;overflow:hidden !important;box-shadow:2px 2px 21px 0px #00000096 !important;}.stk-5d693cc .stk-img-wrapper{width:100% !important;height:600px !important;}@media screen and (max-width: 767px){.stk-5d693cc .stk-img-wrapper{height:400px !important;}}<\/style><style class=\"stk-custom-css\">.stk-5d693cc.stk-block-image img{visibility:hidden !important}<\/style><figure><span class=\"stk-img-wrapper stk-image--shape-stretch\"><img loading=\"lazy\" decoding=\"async\" class=\"stk-img wp-image-443\" src=\"https:\/\/campingalizes.com\/wp-content\/uploads\/2026\/03\/pistes-cyclables-saint-jean-de-monts-img_4215_webformat.webp\" width=\"1000\" height=\"667\" alt=\"Cycle paths Saint-Jean-de-Monts \" srcset=\"https:\/\/campingalizes.com\/wp-content\/uploads\/2026\/03\/pistes-cyclables-saint-jean-de-monts-img_4215_webformat.webp 1000w, https:\/\/campingalizes.com\/wp-content\/uploads\/2026\/03\/pistes-cyclables-saint-jean-de-monts-img_4215_webformat-300x200.webp 300w, https:\/\/campingalizes.com\/wp-content\/uploads\/2026\/03\/pistes-cyclables-saint-jean-de-monts-img_4215_webformat-768x512.webp 768w, https:\/\/campingalizes.com\/wp-content\/uploads\/2026\/03\/pistes-cyclables-saint-jean-de-monts-img_4215_webformat-18x12.webp 18w, https:\/\/campingalizes.com\/wp-content\/uploads\/2026\/03\/pistes-cyclables-saint-jean-de-monts-img_4215_webformat-500x334.webp 500w, https:\/\/campingalizes.com\/wp-content\/uploads\/2026\/03\/pistes-cyclables-saint-jean-de-monts-img_4215_webformat-800x534.webp 800w\" sizes=\"auto, (max-width: 1000px) 100vw, 1000px\" \/><\/span><\/figure><\/div>\n<\/div><\/div><\/div>\n<\/div><\/div>","protected":false},"excerpt":{"rendered":"<p>S\u00e9journer au Camping Les Aliz\u00e9s, c\u2019est aussi prendre le temps de respirer, de ralentir et de se reconnecter \u00e0 l\u2019essentiel. \u00c0 quelques minutes seulement du camping, la for\u00eat domaniale de Saint-Jean-de-Monts vous invite \u00e0 vivre des vacances au plus pr\u00e8s de la nature, entre pins, sable et air iod\u00e9. Situ\u00e9e \u00e0 la fronti\u00e8re naturelle entre [&hellip;]<\/p>\n","protected":false},"author":1,"featured_media":0,"parent":448,"menu_order":0,"comment_status":"closed","ping_status":"closed","template":"","meta":{"_acf_changed":false,"_seopress_robots_primary_cat":"","_seopress_titles_title":"For\u00eat domaniale Saint\u2011Jean\u2011de\u2011Monts Vend\u00e9e","_seopress_titles_desc":"Balades en for\u00eat domaniale autour de Saint\u2011Hilaire\u2011de\u2011Riez pour des moments nature en Vend\u00e9e.","_seopress_robots_index":"","_vp_format_video_url":"","_vp_image_focal_point":[],"footnotes":""},"class_list":["post-439","page","type-page","status-publish","hentry"],"acf":[],"_links":{"self":[{"href":"https:\/\/campingalizes.com\/en\/wp-json\/wp\/v2\/pages\/439","targetHints":{"allow":["GET"]}}],"collection":[{"href":"https:\/\/campingalizes.com\/en\/wp-json\/wp\/v2\/pages"}],"about":[{"href":"https:\/\/campingalizes.com\/en\/wp-json\/wp\/v2\/types\/page"}],"author":[{"embeddable":true,"href":"https:\/\/campingalizes.com\/en\/wp-json\/wp\/v2\/users\/1"}],"replies":[{"embeddable":true,"href":"https:\/\/campingalizes.com\/en\/wp-json\/wp\/v2\/comments?post=439"}],"version-history":[{"count":4,"href":"https:\/\/campingalizes.com\/en\/wp-json\/wp\/v2\/pages\/439\/revisions"}],"predecessor-version":[{"id":22175,"href":"https:\/\/campingalizes.com\/en\/wp-json\/wp\/v2\/pages\/439\/revisions\/22175"}],"up":[{"embeddable":true,"href":"https:\/\/campingalizes.com\/en\/wp-json\/wp\/v2\/pages\/448"}],"wp:attachment":[{"href":"https:\/\/campingalizes.com\/en\/wp-json\/wp\/v2\/media?parent=439"}],"curies":[{"name":"wp","href":"https:\/\/api.w.org\/{rel}","templated":true}]}}